{"id":27,"date":"2025-11-21T18:11:37","date_gmt":"2025-11-21T18:11:37","guid":{"rendered":"https:\/\/wohngenossenschafttamins.ch\/wordpress\/?page_id=27"},"modified":"2026-05-20T14:05:49","modified_gmt":"2026-05-20T14:05:49","slug":"gemeinschaftliches-wohnen-in-tamins","status":"publish","type":"page","link":"https:\/\/wohngenossenschafttamins.ch\/","title":{"rendered":"Gemeinschaftliches Wohnen in Graub\u00fcnden"},"content":{"rendered":"\n<div class=\"wp-block-group alignfull has-global-padding is-layout-constrained wp-container-core-group-is-layout-75f56b9d wp-block-group-is-layout-constrained\" style=\"min-height:0vh;margin-top:0;margin-bottom:0;padding-top:var(--wp--preset--spacing--70);padding-right:var(--wp--preset--spacing--40);padding-bottom:var(--wp--preset--spacing--70);padding-left:var(--wp--preset--spacing--40)\">\n<div class=\"wp-block-group has-global-padding is-layout-constrained wp-container-core-group-is-layout-f15145cb wp-block-group-is-layout-constrained\">\n<p class=\"wp-block-paragraph\">Die Wohngenossenschaft Tamins ist eine noch junge Genossenschaft mit einer Liegenschaft in der Dorfkernzone der Gemeinde Tamins &#8211; inmitten des Kanton Graub\u00fcnden. Ihr Ziel ist es gemeinschaftlichen, bezahlbaren und nachhaltigen Wohnraum in einer touristischen Region zu schaffen.<\/p>\n<\/div>\n\n\n\n<div class=\"wp-block-group alignfull has-global-padding is-layout-constrained wp-container-core-group-is-layout-4bb49aaa wp-block-group-is-layout-constrained\" style=\"margin-top:0;margin-bottom:0;padding-top:var(--wp--preset--spacing--50);padding-bottom:var(--wp--preset--spacing--50)\">\n<div class=\"wp-block-columns alignwide is-layout-flex wp-container-core-columns-is-layout-794e3cfa wp-block-columns-is-layout-flex\">\n<div class=\"wp-block-column is-layout-flow wp-block-column-is-layout-flow\">\n<figure class=\"wp-block-image size-full wp-duotone-unset-1\" style=\"margin-bottom:24px\"><img loading=\"lazy\" decoding=\"async\" width=\"1920\" height=\"2560\" src=\"https:\/\/wohngenossenschafttamins.ch\/wp-content\/uploads\/2025\/11\/IMG_0284-2-scaled.jpg\" alt=\"\" class=\"wp-image-264\" style=\"aspect-ratio:4\/3;object-fit:cover\" srcset=\"https:\/\/wohngenossenschafttamins.ch\/wp-content\/uploads\/2025\/11\/IMG_0284-2-scaled.jpg 1920w, https:\/\/wohngenossenschafttamins.ch\/wp-content\/uploads\/2025\/11\/IMG_0284-2-225x300.jpg 225w\" sizes=\"auto, (max-width: 1920px) 100vw, 1920px\" \/><\/figure>\n\n\n\n<h3 class=\"wp-block-heading\">Wer wir sind<\/h3>\n\n\n\n<p class=\"has-medium-font-size wp-block-paragraph\">Unsere Genossenschaft wurde 2024 von sieben Personen gegr\u00fcndet. Diese Gruppe bildet den Kern des Projekts und gleichzeitig den Vorstand der Wohngenossenschaft.<\/p>\n\n\n\n<div class=\"wp-block-buttons is-layout-flex wp-block-buttons-is-layout-flex\">\n<div class=\"wp-block-button\"><a class=\"wp-block-button__link wp-element-button\" href=\"https:\/\/wohngenossenschafttamins.ch\/?page_id=219\">Lerne uns kennen<\/a><\/div>\n<\/div>\n<\/div>\n\n\n\n<div class=\"wp-block-column is-layout-flow wp-block-column-is-layout-flow\">\n<figure class=\"wp-block-image size-full\" style=\"margin-bottom:24px\"><img loading=\"lazy\" decoding=\"async\" width=\"1702\" height=\"2560\" src=\"https:\/\/wohngenossenschafttamins.ch\/wp-content\/uploads\/2025\/11\/DSCF7053-scaled.jpg\" alt=\"\" class=\"wp-image-130\" style=\"aspect-ratio:4\/3;object-fit:cover\" srcset=\"https:\/\/wohngenossenschafttamins.ch\/wp-content\/uploads\/2025\/11\/DSCF7053-scaled.jpg 1702w, https:\/\/wohngenossenschafttamins.ch\/wp-content\/uploads\/2025\/11\/DSCF7053-199x300.jpg 199w, https:\/\/wohngenossenschafttamins.ch\/wp-content\/uploads\/2025\/11\/DSCF7053-681x1024.jpg 681w, https:\/\/wohngenossenschafttamins.ch\/wp-content\/uploads\/2025\/11\/DSCF7053-768x1155.jpg 768w, https:\/\/wohngenossenschafttamins.ch\/wp-content\/uploads\/2025\/11\/DSCF7053-1021x1536.jpg 1021w, https:\/\/wohngenossenschafttamins.ch\/wp-content\/uploads\/2025\/11\/DSCF7053-1362x2048.jpg 1362w\" sizes=\"auto, (max-width: 1702px) 100vw, 1702px\" \/><\/figure>\n\n\n\n<h3 class=\"wp-block-heading\">Unser Projekt<\/h3>\n\n\n\n<p class=\"has-medium-font-size wp-block-paragraph\">Die Wohngenossenschaft Tamins ist in Besitz eines \u00fcber 1000qm grossen Grundst\u00fcckes welches sie aktuell vermietet und mit einem Bauprojekt weiterentwickeln m\u00f6chte.<\/p>\n\n\n\n<div class=\"wp-block-buttons is-layout-flex wp-block-buttons-is-layout-flex\">\n<div class=\"wp-block-button\"><a class=\"wp-block-button__link wp-element-button\" href=\"https:\/\/wohngenossenschafttamins.ch\/?page_id=17\">Erfahre mehr<\/a><\/div>\n<\/div>\n<\/div>\n\n\n\n<div class=\"wp-block-column is-layout-flow wp-block-column-is-layout-flow\">\n<figure class=\"wp-block-image size-full\" style=\"margin-bottom:24px\"><img loading=\"lazy\" decoding=\"async\" width=\"1920\" height=\"2560\" src=\"https:\/\/wohngenossenschafttamins.ch\/wp-content\/uploads\/2025\/11\/IMG_3702-scaled.jpg\" alt=\"\" class=\"wp-image-97\" style=\"aspect-ratio:4\/3;object-fit:cover\" srcset=\"https:\/\/wohngenossenschafttamins.ch\/wp-content\/uploads\/2025\/11\/IMG_3702-scaled.jpg 1920w, https:\/\/wohngenossenschafttamins.ch\/wp-content\/uploads\/2025\/11\/IMG_3702-225x300.jpg 225w, https:\/\/wohngenossenschafttamins.ch\/wp-content\/uploads\/2025\/11\/IMG_3702-768x1024.jpg 768w, https:\/\/wohngenossenschafttamins.ch\/wp-content\/uploads\/2025\/11\/IMG_3702-1152x1536.jpg 1152w, https:\/\/wohngenossenschafttamins.ch\/wp-content\/uploads\/2025\/11\/IMG_3702-1536x2048.jpg 1536w\" sizes=\"auto, (max-width: 1920px) 100vw, 1920px\" \/><\/figure>\n\n\n\n<h3 class=\"wp-block-heading\">Unterst\u00fctzungsm\u00f6glichkeiten<\/h3>\n\n\n\n<p class=\"has-medium-font-size wp-block-paragraph\">Um unsere Vision zu erreichen sind wir auf Unterst\u00fctzung angewiesen. Ob finanziell, \u00fcber Fachwissen oder tatkr\u00e4ftige Mithilfe. Wir freuen uns \u00fcber jedes Engagement!<\/p>\n\n\n\n<div class=\"wp-block-buttons is-layout-flex wp-block-buttons-is-layout-flex\">\n<div class=\"wp-block-button\"><a class=\"wp-block-button__link wp-element-button\" href=\"https:\/\/wohngenossenschafttamins.ch\/?page_id=39\">Unterst\u00fctze uns<\/a><\/div>\n<\/div>\n<\/div>\n<\/div>\n<\/div>\n\n\n\n<div class=\"wp-block-group alignwide has-global-padding is-layout-constrained wp-block-group-is-layout-constrained\" style=\"padding-top:var(--wp--preset--spacing--60);padding-bottom:var(--wp--preset--spacing--60)\">\n<h2 class=\"wp-block-heading alignwide has-small-font-size\" style=\"font-style:normal;font-weight:700;letter-spacing:1.4px;text-transform:uppercase\">Aktuelles von uns<\/h2>\n\n\n\n<div class=\"wp-block-query alignwide is-layout-flow wp-block-query-is-layout-flow\"><ul class=\"alignfull wp-block-post-template is-layout-flow wp-container-core-post-template-is-layout-b4d04ffe wp-block-post-template-is-layout-flow\"><li class=\"wp-block-post post-428 post type-post status-publish format-standard has-post-thumbnail hentry category-aktuelles category-uncategorized tag-generalversammlung tag-genossenschaftswochenende\">\n\n<div class=\"wp-block-group alignfull is-content-justification-space-between is-nowrap is-layout-flex wp-container-core-group-is-layout-cba70755 wp-block-group-is-layout-flex\" style=\"border-bottom-color:var(--wp--preset--color--accent-6);border-bottom-width:1px;padding-top:var(--wp--preset--spacing--30);padding-bottom:var(--wp--preset--spacing--30)\"><h3 class=\"wp-block-post-title has-large-font-size\"><a href=\"https:\/\/wohngenossenschafttamins.ch\/?p=428\" target=\"_self\" >2. GV, Gnossiweekend und neue Website<\/a><\/h3>\n\n<div class=\"has-text-align-right wp-block-post-date\"><a href=\"https:\/\/wohngenossenschafttamins.ch\/?p=428\"><time datetime=\"2026-05-20T13:57:39+00:00\">Mai 20, 2026<\/time><\/a><\/div><\/div>\n\n<\/li><\/ul><\/div>\n<\/div>\n<\/div>\n\n\n\n<div class=\"wp-block-group alignfull has-global-padding is-layout-constrained wp-block-group-is-layout-constrained\" style=\"margin-top:0;margin-bottom:0;padding-top:var(--wp--preset--spacing--60);padding-bottom:var(--wp--preset--spacing--60)\">\n<div class=\"wp-block-columns alignwide is-layout-flex wp-container-core-columns-is-layout-6108e6a5 wp-block-columns-is-layout-flex\">\n<div class=\"wp-block-column is-layout-flow wp-block-column-is-layout-flow\" style=\"padding-top:0;padding-right:0;padding-bottom:0;padding-left:0\">\n<figure class=\"wp-block-gallery has-nested-images columns-default is-cropped wp-block-gallery-2 is-layout-flex wp-block-gallery-is-layout-flex\">\n<figure class=\"wp-block-image size-large\"><img loading=\"lazy\" decoding=\"async\" width=\"1024\" height=\"768\" data-id=\"57\" src=\"https:\/\/wohngenossenschafttamins.ch\/wp-content\/uploads\/2025\/11\/IMG_5942-1024x768.jpg\" alt=\"\" class=\"wp-image-57\" srcset=\"https:\/\/wohngenossenschafttamins.ch\/wp-content\/uploads\/2025\/11\/IMG_5942-1024x768.jpg 1024w, https:\/\/wohngenossenschafttamins.ch\/wp-content\/uploads\/2025\/11\/IMG_5942-300x225.jpg 300w, https:\/\/wohngenossenschafttamins.ch\/wp-content\/uploads\/2025\/11\/IMG_5942-768x576.jpg 768w, https:\/\/wohngenossenschafttamins.ch\/wp-content\/uploads\/2025\/11\/IMG_5942-1536x1152.jpg 1536w, https:\/\/wohngenossenschafttamins.ch\/wp-content\/uploads\/2025\/11\/IMG_5942-2048x1536.jpg 2048w\" sizes=\"auto, (max-width: 1024px) 100vw, 1024px\" \/><\/figure>\n\n\n\n<figure class=\"wp-block-image size-large\"><img loading=\"lazy\" decoding=\"async\" width=\"681\" height=\"1024\" data-id=\"74\" src=\"https:\/\/wohngenossenschafttamins.ch\/wp-content\/uploads\/2025\/11\/DSCF7094-681x1024.jpg\" alt=\"\" class=\"wp-image-74\" srcset=\"https:\/\/wohngenossenschafttamins.ch\/wp-content\/uploads\/2025\/11\/DSCF7094-681x1024.jpg 681w, https:\/\/wohngenossenschafttamins.ch\/wp-content\/uploads\/2025\/11\/DSCF7094-199x300.jpg 199w, https:\/\/wohngenossenschafttamins.ch\/wp-content\/uploads\/2025\/11\/DSCF7094-768x1155.jpg 768w, https:\/\/wohngenossenschafttamins.ch\/wp-content\/uploads\/2025\/11\/DSCF7094-1021x1536.jpg 1021w, https:\/\/wohngenossenschafttamins.ch\/wp-content\/uploads\/2025\/11\/DSCF7094-1362x2048.jpg 1362w, https:\/\/wohngenossenschafttamins.ch\/wp-content\/uploads\/2025\/11\/DSCF7094-scaled.jpg 1702w\" sizes=\"auto, (max-width: 681px) 100vw, 681px\" \/><\/figure>\n\n\n\n<figure class=\"wp-block-image size-large\"><img loading=\"lazy\" decoding=\"async\" width=\"681\" height=\"1024\" data-id=\"73\" src=\"https:\/\/wohngenossenschafttamins.ch\/wp-content\/uploads\/2025\/11\/DSCF7068-681x1024.jpg\" alt=\"\" class=\"wp-image-73\" srcset=\"https:\/\/wohngenossenschafttamins.ch\/wp-content\/uploads\/2025\/11\/DSCF7068-681x1024.jpg 681w, https:\/\/wohngenossenschafttamins.ch\/wp-content\/uploads\/2025\/11\/DSCF7068-199x300.jpg 199w, https:\/\/wohngenossenschafttamins.ch\/wp-content\/uploads\/2025\/11\/DSCF7068-768x1155.jpg 768w, https:\/\/wohngenossenschafttamins.ch\/wp-content\/uploads\/2025\/11\/DSCF7068-1021x1536.jpg 1021w, https:\/\/wohngenossenschafttamins.ch\/wp-content\/uploads\/2025\/11\/DSCF7068-1362x2048.jpg 1362w, https:\/\/wohngenossenschafttamins.ch\/wp-content\/uploads\/2025\/11\/DSCF7068-scaled.jpg 1702w\" sizes=\"auto, (max-width: 681px) 100vw, 681px\" \/><\/figure>\n\n\n\n<figure class=\"wp-block-image size-large\"><img loading=\"lazy\" decoding=\"async\" width=\"681\" height=\"1024\" data-id=\"79\" src=\"https:\/\/wohngenossenschafttamins.ch\/wp-content\/uploads\/2025\/11\/DSCF7055-681x1024.jpg\" alt=\"\" class=\"wp-image-79\" srcset=\"https:\/\/wohngenossenschafttamins.ch\/wp-content\/uploads\/2025\/11\/DSCF7055-681x1024.jpg 681w, https:\/\/wohngenossenschafttamins.ch\/wp-content\/uploads\/2025\/11\/DSCF7055-199x300.jpg 199w, https:\/\/wohngenossenschafttamins.ch\/wp-content\/uploads\/2025\/11\/DSCF7055-768x1155.jpg 768w, https:\/\/wohngenossenschafttamins.ch\/wp-content\/uploads\/2025\/11\/DSCF7055-1021x1536.jpg 1021w, https:\/\/wohngenossenschafttamins.ch\/wp-content\/uploads\/2025\/11\/DSCF7055-1362x2048.jpg 1362w, https:\/\/wohngenossenschafttamins.ch\/wp-content\/uploads\/2025\/11\/DSCF7055-scaled.jpg 1702w\" sizes=\"auto, (max-width: 681px) 100vw, 681px\" \/><\/figure>\n\n\n\n<figure class=\"wp-block-image size-large\"><img loading=\"lazy\" decoding=\"async\" width=\"681\" height=\"1024\" data-id=\"102\" src=\"https:\/\/wohngenossenschafttamins.ch\/wp-content\/uploads\/2025\/11\/DSCF7092-681x1024.jpg\" alt=\"\" class=\"wp-image-102\" srcset=\"https:\/\/wohngenossenschafttamins.ch\/wp-content\/uploads\/2025\/11\/DSCF7092-681x1024.jpg 681w, https:\/\/wohngenossenschafttamins.ch\/wp-content\/uploads\/2025\/11\/DSCF7092-199x300.jpg 199w, https:\/\/wohngenossenschafttamins.ch\/wp-content\/uploads\/2025\/11\/DSCF7092-768x1155.jpg 768w, https:\/\/wohngenossenschafttamins.ch\/wp-content\/uploads\/2025\/11\/DSCF7092-1021x1536.jpg 1021w, https:\/\/wohngenossenschafttamins.ch\/wp-content\/uploads\/2025\/11\/DSCF7092-1362x2048.jpg 1362w, https:\/\/wohngenossenschafttamins.ch\/wp-content\/uploads\/2025\/11\/DSCF7092-scaled.jpg 1702w\" sizes=\"auto, (max-width: 681px) 100vw, 681px\" \/><\/figure>\n\n\n\n<figure class=\"wp-block-image size-large\"><img loading=\"lazy\" decoding=\"async\" width=\"1920\" height=\"2560\" data-id=\"106\" src=\"https:\/\/wohngenossenschafttamins.ch\/wp-content\/uploads\/2025\/11\/IMG_3761-scaled.jpg\" alt=\"\" class=\"wp-image-106\"\/><\/figure>\n\n\n\n<figure class=\"wp-block-image size-large\"><img loading=\"lazy\" decoding=\"async\" width=\"1024\" height=\"681\" data-id=\"120\" src=\"https:\/\/wohngenossenschafttamins.ch\/wp-content\/uploads\/2025\/11\/DSCF7061-1024x681.jpg\" alt=\"\" class=\"wp-image-120\" srcset=\"https:\/\/wohngenossenschafttamins.ch\/wp-content\/uploads\/2025\/11\/DSCF7061-1024x681.jpg 1024w, https:\/\/wohngenossenschafttamins.ch\/wp-content\/uploads\/2025\/11\/DSCF7061-300x199.jpg 300w, https:\/\/wohngenossenschafttamins.ch\/wp-content\/uploads\/2025\/11\/DSCF7061-768x511.jpg 768w, https:\/\/wohngenossenschafttamins.ch\/wp-content\/uploads\/2025\/11\/DSCF7061-1536x1021.jpg 1536w, https:\/\/wohngenossenschafttamins.ch\/wp-content\/uploads\/2025\/11\/DSCF7061-2048x1362.jpg 2048w\" sizes=\"auto, (max-width: 1024px) 100vw, 1024px\" \/><\/figure>\n\n\n\n<figure class=\"wp-block-image size-large\"><img loading=\"lazy\" decoding=\"async\" width=\"681\" height=\"1024\" data-id=\"139\" src=\"https:\/\/wohngenossenschafttamins.ch\/wp-content\/uploads\/2025\/11\/DSCF7077-681x1024.jpg\" alt=\"\" class=\"wp-image-139\" srcset=\"https:\/\/wohngenossenschafttamins.ch\/wp-content\/uploads\/2025\/11\/DSCF7077-681x1024.jpg 681w, https:\/\/wohngenossenschafttamins.ch\/wp-content\/uploads\/2025\/11\/DSCF7077-199x300.jpg 199w, https:\/\/wohngenossenschafttamins.ch\/wp-content\/uploads\/2025\/11\/DSCF7077-768x1155.jpg 768w, https:\/\/wohngenossenschafttamins.ch\/wp-content\/uploads\/2025\/11\/DSCF7077-1021x1536.jpg 1021w, https:\/\/wohngenossenschafttamins.ch\/wp-content\/uploads\/2025\/11\/DSCF7077-1362x2048.jpg 1362w, https:\/\/wohngenossenschafttamins.ch\/wp-content\/uploads\/2025\/11\/DSCF7077-scaled.jpg 1702w\" sizes=\"auto, (max-width: 681px) 100vw, 681px\" \/><\/figure>\n\n\n\n<figure class=\"wp-block-image size-large\"><img loading=\"lazy\" decoding=\"async\" width=\"1024\" height=\"681\" data-id=\"92\" src=\"https:\/\/wohngenossenschafttamins.ch\/wp-content\/uploads\/2025\/11\/DSCF7057-1024x681.jpg\" alt=\"\" class=\"wp-image-92\" srcset=\"https:\/\/wohngenossenschafttamins.ch\/wp-content\/uploads\/2025\/11\/DSCF7057-1024x681.jpg 1024w, https:\/\/wohngenossenschafttamins.ch\/wp-content\/uploads\/2025\/11\/DSCF7057-300x199.jpg 300w, https:\/\/wohngenossenschafttamins.ch\/wp-content\/uploads\/2025\/11\/DSCF7057-768x511.jpg 768w, https:\/\/wohngenossenschafttamins.ch\/wp-content\/uploads\/2025\/11\/DSCF7057-1536x1021.jpg 1536w, https:\/\/wohngenossenschafttamins.ch\/wp-content\/uploads\/2025\/11\/DSCF7057-2048x1362.jpg 2048w\" sizes=\"auto, (max-width: 1024px) 100vw, 1024px\" \/><\/figure>\n<\/figure>\n<\/div>\n<\/div>\n<\/div>\n\n\n<div class=\"tnp tnp-subscription \">\n<form method=\"post\" action=\"https:\/\/wohngenossenschafttamins.ch\/wp-admin\/admin-ajax.php?action=tnp&amp;na=s\">\n<input type=\"hidden\" name=\"nlang\" value=\"\">\n<div class=\"tnp-field tnp-field-firstname\"><label for=\"tnp-1\">Vorname *<\/label>\n<input class=\"tnp-name\" type=\"text\" name=\"nn\" id=\"tnp-1\" value=\"\" placeholder=\"\" required><\/div>\n<div class=\"tnp-field tnp-field-surname\"><label for=\"tnp-2\">Nachname *<\/label>\n<input class=\"tnp-surname\" type=\"text\" name=\"ns\" id=\"tnp-2\" value=\"\" placeholder=\"\" required><\/div><div class=\"tnp-field tnp-field-email\"><label for=\"tnp-3\">E-Mail *<\/label>\n<input class=\"tnp-email\" type=\"email\" name=\"ne\" id=\"tnp-3\" value=\"\" placeholder=\"\" required><\/div>\n<div class=\"tnp-field tnp-privacy-field\"><label><input type=\"checkbox\" name=\"ny\" required class=\"tnp-privacy\"> Ich stimme zu, dass meine Daten nur f\u00fcr die Bearbeitung meiner Newsletteranmeldung verwendet werden.<\/label><\/div><div class=\"tnp-field tnp-field-button\" style=\"text-align: left\"><input class=\"tnp-submit\" type=\"submit\" value=\"Anmelden\" style=\"\">\n<\/div>\n<\/form>\n<\/div>\n\n\n\n\n<p class=\"wp-block-paragraph\"><\/p>\n","protected":false},"excerpt":{"rendered":"<p>Die Wohngenossenschaft Tamins ist eine noch junge Genossenschaft mit einer Liegenschaft in der Dorfkernzone der Gemeinde Tamins &#8211; inmitten des Kanton Graub\u00fcnden. Ihr Ziel ist es gemeinschaftlichen, bezahlbaren und nachhaltigen Wohnraum in einer touristischen Region zu schaffen. Wer wir sind Unsere Genossenschaft wurde 2024 von sieben Personen gegr\u00fcndet. Diese Gruppe bildet den Kern des Projekts [&hellip;]<\/p>\n","protected":false},"author":1,"featured_media":0,"parent":0,"menu_order":0,"comment_status":"closed","ping_status":"closed","template":"","meta":{"footnotes":""},"class_list":["post-27","page","type-page","status-publish","hentry"],"yoast_head":"<!-- This site is optimized with the Yoast SEO plugin v28.4 - https:\/\/yoast.com\/product\/yoast-seo-wordpress\/ -->\n<title>Gemeinschaftliches Wohnen in Tamins<\/title>\n<meta name=\"description\" content=\"Wir wollen einen offenen Begegnungsort in Tamins schaffen, in dem gemeinschaftliches und solidarisches Zusammenleben zu bezahlbaren Preisen im Ballungsraum von Chur m\u00f6glich wird\" \/>\n<meta name=\"robots\" content=\"noindex, follow, max-snippet:-1, max-image-preview:large, max-video-preview:-1\" \/>\n<meta property=\"og:locale\" content=\"de_DE\" \/>\n<meta property=\"og:type\" content=\"article\" \/>\n<meta property=\"og:title\" content=\"Gemeinschaftliches Wohnen in Tamins\" \/>\n<meta property=\"og:description\" content=\"Wir wollen einen offenen Begegnungsort in Tamins schaffen, in dem gemeinschaftliches und solidarisches Zusammenleben zu bezahlbaren Preisen im Ballungsraum von Chur m\u00f6glich wird\" \/>\n<meta property=\"og:url\" content=\"https:\/\/wohngenossenschafttamins.ch\/\" \/>\n<meta property=\"og:site_name\" content=\"Wohngenossenschaft Tamins\" \/>\n<meta property=\"article:modified_time\" content=\"2026-05-20T14:05:49+00:00\" \/>\n<meta property=\"og:image\" content=\"https:\/\/wohngenossenschafttamins.ch\/wp-content\/uploads\/2025\/11\/IMG_0284-2-scaled.jpg\" \/>\n\t<meta property=\"og:image:width\" content=\"1920\" \/>\n\t<meta property=\"og:image:height\" content=\"2560\" \/>\n\t<meta property=\"og:image:type\" content=\"image\/jpeg\" \/>\n<meta name=\"twitter:card\" content=\"summary_large_image\" \/>\n<meta name=\"twitter:label1\" content=\"Gesch\u00e4tzte Lesezeit\" \/>\n\t<meta name=\"twitter:data1\" content=\"4\u00a0Minuten\" \/>\n<script type=\"application\/ld+json\" class=\"yoast-schema-graph\">{\"@context\":\"https:\\\/\\\/schema.org\",\"@graph\":[{\"@type\":\"WebPage\",\"@id\":\"https:\\\/\\\/wohngenossenschafttamins.ch\\\/\",\"url\":\"https:\\\/\\\/wohngenossenschafttamins.ch\\\/\",\"name\":\"Gemeinschaftliches Wohnen in Tamins\",\"isPartOf\":{\"@id\":\"https:\\\/\\\/wohngenossenschafttamins.ch\\\/#website\"},\"primaryImageOfPage\":{\"@id\":\"https:\\\/\\\/wohngenossenschafttamins.ch\\\/#primaryimage\"},\"image\":{\"@id\":\"https:\\\/\\\/wohngenossenschafttamins.ch\\\/#primaryimage\"},\"thumbnailUrl\":\"https:\\\/\\\/wohngenossenschafttamins.ch\\\/wp-content\\\/uploads\\\/2025\\\/11\\\/IMG_0284-2-scaled.jpg\",\"datePublished\":\"2025-11-21T18:11:37+00:00\",\"dateModified\":\"2026-05-20T14:05:49+00:00\",\"description\":\"Wir wollen einen offenen Begegnungsort in Tamins schaffen, in dem gemeinschaftliches und solidarisches Zusammenleben zu bezahlbaren Preisen im Ballungsraum von Chur m\u00f6glich wird\",\"breadcrumb\":{\"@id\":\"https:\\\/\\\/wohngenossenschafttamins.ch\\\/#breadcrumb\"},\"inLanguage\":\"de-CH\",\"potentialAction\":[{\"@type\":\"ReadAction\",\"target\":[\"https:\\\/\\\/wohngenossenschafttamins.ch\\\/\"]}]},{\"@type\":\"ImageObject\",\"inLanguage\":\"de-CH\",\"@id\":\"https:\\\/\\\/wohngenossenschafttamins.ch\\\/#primaryimage\",\"url\":\"https:\\\/\\\/wohngenossenschafttamins.ch\\\/wp-content\\\/uploads\\\/2025\\\/11\\\/IMG_0284-2-scaled.jpg\",\"contentUrl\":\"https:\\\/\\\/wohngenossenschafttamins.ch\\\/wp-content\\\/uploads\\\/2025\\\/11\\\/IMG_0284-2-scaled.jpg\",\"width\":1920,\"height\":2560},{\"@type\":\"BreadcrumbList\",\"@id\":\"https:\\\/\\\/wohngenossenschafttamins.ch\\\/#breadcrumb\",\"itemListElement\":[{\"@type\":\"ListItem\",\"position\":1,\"name\":\"Home\",\"item\":\"https:\\\/\\\/wohngenossenschafttamins.ch\\\/\"},{\"@type\":\"ListItem\",\"position\":2,\"name\":\"Gemeinschaftliches Wohnen in Graub\u00fcnden\"}]},{\"@type\":\"WebSite\",\"@id\":\"https:\\\/\\\/wohngenossenschafttamins.ch\\\/#website\",\"url\":\"https:\\\/\\\/wohngenossenschafttamins.ch\\\/\",\"name\":\"Wohngenossenschaft Tamins\",\"description\":\"Gemeinschaftliches Wohnprojekt im Herzen Graub\u00fcndens\",\"publisher\":{\"@id\":\"https:\\\/\\\/wohngenossenschafttamins.ch\\\/#organization\"},\"potentialAction\":[{\"@type\":\"SearchAction\",\"target\":{\"@type\":\"EntryPoint\",\"urlTemplate\":\"https:\\\/\\\/wohngenossenschafttamins.ch\\\/?s={search_term_string}\"},\"query-input\":{\"@type\":\"PropertyValueSpecification\",\"valueRequired\":true,\"valueName\":\"search_term_string\"}}],\"inLanguage\":\"de-CH\"},{\"@type\":\"Organization\",\"@id\":\"https:\\\/\\\/wohngenossenschafttamins.ch\\\/#organization\",\"name\":\"Wohngenossenschaft Tamins\",\"url\":\"https:\\\/\\\/wohngenossenschafttamins.ch\\\/\",\"logo\":{\"@type\":\"ImageObject\",\"inLanguage\":\"de-CH\",\"@id\":\"https:\\\/\\\/wohngenossenschafttamins.ch\\\/#\\\/schema\\\/logo\\\/image\\\/\",\"url\":\"https:\\\/\\\/wohngenossenschafttamins.ch\\\/wp-content\\\/uploads\\\/2025\\\/11\\\/cropped-2024-09_Logo_gelb_schwarz.png\",\"contentUrl\":\"https:\\\/\\\/wohngenossenschafttamins.ch\\\/wp-content\\\/uploads\\\/2025\\\/11\\\/cropped-2024-09_Logo_gelb_schwarz.png\",\"width\":512,\"height\":512,\"caption\":\"Wohngenossenschaft Tamins\"},\"image\":{\"@id\":\"https:\\\/\\\/wohngenossenschafttamins.ch\\\/#\\\/schema\\\/logo\\\/image\\\/\"}}]}<\/script>\n<!-- \/ Yoast SEO plugin. -->","yoast_head_json":{"title":"Gemeinschaftliches Wohnen in Tamins","description":"Wir wollen einen offenen Begegnungsort in Tamins schaffen, in dem gemeinschaftliches und solidarisches Zusammenleben zu bezahlbaren Preisen im Ballungsraum von Chur m\u00f6glich wird","robots":{"index":"noindex","follow":"follow","max-snippet":"max-snippet:-1","max-image-preview":"max-image-preview:large","max-video-preview":"max-video-preview:-1"},"og_locale":"de_DE","og_type":"article","og_title":"Gemeinschaftliches Wohnen in Tamins","og_description":"Wir wollen einen offenen Begegnungsort in Tamins schaffen, in dem gemeinschaftliches und solidarisches Zusammenleben zu bezahlbaren Preisen im Ballungsraum von Chur m\u00f6glich wird","og_url":"https:\/\/wohngenossenschafttamins.ch\/","og_site_name":"Wohngenossenschaft Tamins","article_modified_time":"2026-05-20T14:05:49+00:00","og_image":[{"width":1920,"height":2560,"url":"https:\/\/wohngenossenschafttamins.ch\/wp-content\/uploads\/2025\/11\/IMG_0284-2-scaled.jpg","type":"image\/jpeg"}],"twitter_card":"summary_large_image","twitter_misc":{"Gesch\u00e4tzte Lesezeit":"4\u00a0Minuten"},"schema":{"@context":"https:\/\/schema.org","@graph":[{"@type":"WebPage","@id":"https:\/\/wohngenossenschafttamins.ch\/","url":"https:\/\/wohngenossenschafttamins.ch\/","name":"Gemeinschaftliches Wohnen in Tamins","isPartOf":{"@id":"https:\/\/wohngenossenschafttamins.ch\/#website"},"primaryImageOfPage":{"@id":"https:\/\/wohngenossenschafttamins.ch\/#primaryimage"},"image":{"@id":"https:\/\/wohngenossenschafttamins.ch\/#primaryimage"},"thumbnailUrl":"https:\/\/wohngenossenschafttamins.ch\/wp-content\/uploads\/2025\/11\/IMG_0284-2-scaled.jpg","datePublished":"2025-11-21T18:11:37+00:00","dateModified":"2026-05-20T14:05:49+00:00","description":"Wir wollen einen offenen Begegnungsort in Tamins schaffen, in dem gemeinschaftliches und solidarisches Zusammenleben zu bezahlbaren Preisen im Ballungsraum von Chur m\u00f6glich wird","breadcrumb":{"@id":"https:\/\/wohngenossenschafttamins.ch\/#breadcrumb"},"inLanguage":"de-CH","potentialAction":[{"@type":"ReadAction","target":["https:\/\/wohngenossenschafttamins.ch\/"]}]},{"@type":"ImageObject","inLanguage":"de-CH","@id":"https:\/\/wohngenossenschafttamins.ch\/#primaryimage","url":"https:\/\/wohngenossenschafttamins.ch\/wp-content\/uploads\/2025\/11\/IMG_0284-2-scaled.jpg","contentUrl":"https:\/\/wohngenossenschafttamins.ch\/wp-content\/uploads\/2025\/11\/IMG_0284-2-scaled.jpg","width":1920,"height":2560},{"@type":"BreadcrumbList","@id":"https:\/\/wohngenossenschafttamins.ch\/#breadcrumb","itemListElement":[{"@type":"ListItem","position":1,"name":"Home","item":"https:\/\/wohngenossenschafttamins.ch\/"},{"@type":"ListItem","position":2,"name":"Gemeinschaftliches Wohnen in Graub\u00fcnden"}]},{"@type":"WebSite","@id":"https:\/\/wohngenossenschafttamins.ch\/#website","url":"https:\/\/wohngenossenschafttamins.ch\/","name":"Wohngenossenschaft Tamins","description":"Gemeinschaftliches Wohnprojekt im Herzen Graub\u00fcndens","publisher":{"@id":"https:\/\/wohngenossenschafttamins.ch\/#organization"},"potentialAction":[{"@type":"SearchAction","target":{"@type":"EntryPoint","urlTemplate":"https:\/\/wohngenossenschafttamins.ch\/?s={search_term_string}"},"query-input":{"@type":"PropertyValueSpecification","valueRequired":true,"valueName":"search_term_string"}}],"inLanguage":"de-CH"},{"@type":"Organization","@id":"https:\/\/wohngenossenschafttamins.ch\/#organization","name":"Wohngenossenschaft Tamins","url":"https:\/\/wohngenossenschafttamins.ch\/","logo":{"@type":"ImageObject","inLanguage":"de-CH","@id":"https:\/\/wohngenossenschafttamins.ch\/#\/schema\/logo\/image\/","url":"https:\/\/wohngenossenschafttamins.ch\/wp-content\/uploads\/2025\/11\/cropped-2024-09_Logo_gelb_schwarz.png","contentUrl":"https:\/\/wohngenossenschafttamins.ch\/wp-content\/uploads\/2025\/11\/cropped-2024-09_Logo_gelb_schwarz.png","width":512,"height":512,"caption":"Wohngenossenschaft Tamins"},"image":{"@id":"https:\/\/wohngenossenschafttamins.ch\/#\/schema\/logo\/image\/"}}]}},"_links":{"self":[{"href":"https:\/\/wohngenossenschafttamins.ch\/index.php?rest_route=\/wp\/v2\/pages\/27","targetHints":{"allow":["GET"]}}],"collection":[{"href":"https:\/\/wohngenossenschafttamins.ch\/index.php?rest_route=\/wp\/v2\/pages"}],"about":[{"href":"https:\/\/wohngenossenschafttamins.ch\/index.php?rest_route=\/wp\/v2\/types\/page"}],"author":[{"embeddable":true,"href":"https:\/\/wohngenossenschafttamins.ch\/index.php?rest_route=\/wp\/v2\/users\/1"}],"replies":[{"embeddable":true,"href":"https:\/\/wohngenossenschafttamins.ch\/index.php?rest_route=%2Fwp%2Fv2%2Fcomments&post=27"}],"version-history":[{"count":24,"href":"https:\/\/wohngenossenschafttamins.ch\/index.php?rest_route=\/wp\/v2\/pages\/27\/revisions"}],"predecessor-version":[{"id":442,"href":"https:\/\/wohngenossenschafttamins.ch\/index.php?rest_route=\/wp\/v2\/pages\/27\/revisions\/442"}],"wp:attachment":[{"href":"https:\/\/wohngenossenschafttamins.ch\/index.php?rest_route=%2Fwp%2Fv2%2Fmedia&parent=27"}],"curies":[{"name":"wp","href":"https:\/\/api.w.org\/{rel}","templated":true}]}}